{"id":2701,"date":"2021-03-05T14:17:22","date_gmt":"2021-03-05T13:17:22","guid":{"rendered":"https:\/\/terrescitoyennes.org\/?page_id=2701"},"modified":"2026-04-09T16:02:10","modified_gmt":"2026-04-09T14:02:10","slug":"association-assemblees-generales","status":"publish","type":"page","link":"https:\/\/terrescitoyennes.org\/index.php\/association-assemblees-generales\/","title":{"rendered":"Association &#8211; Assembl\u00e9es G\u00e9n\u00e9rales"},"content":{"rendered":"\n<h2 class=\"wp-block-heading\">Assembl\u00e9e G\u00e9n\u00e9rale Ordinaire du 21 mars 2026 :<\/h2>\n\n\n\n<h3 class=\"wp-block-heading\">Compte-rendu et Proc\u00e8s-verbal :<\/h3>\n\n\n\n<div class=\"wp-block-file\"><a id=\"wp-block-file--media-55f347ae-525d-41bb-ae3f-3bf6fffd0792\" href=\"https:\/\/terrescitoyennes.org\/wp-content\/uploads\/2026\/04\/association-TCA-AGO-du-21-03-2026-PV.pdf\">association TCA &#8211; AGO du 21 03 2026 &#8211; PV<\/a><a href=\"https:\/\/terrescitoyennes.org\/wp-content\/uploads\/2026\/04\/association-TCA-AGO-du-21-03-2026-PV.pdf\" class=\"wp-block-file__button wp-element-button\" download aria-describedby=\"wp-block-file--media-55f347ae-525d-41bb-ae3f-3bf6fffd0792\">T\u00e9l\u00e9charger<\/a><\/div>\n\n\n\n<h3 class=\"wp-block-heading\">Documents pr\u00e9paratoires :<\/h3>\n\n\n\n<div class=\"wp-block-file\"><a id=\"wp-block-file--media-d8158abb-a9b8-4197-813a-2bc6fa0a9fbf\" href=\"https:\/\/terrescitoyennes.org\/wp-content\/uploads\/2026\/03\/association-TCA-AGO-du-21-03-2026-convocation.pdf\">association TCA &#8211; AGO du 21 03 2026 &#8211; convocation<\/a><a href=\"https:\/\/terrescitoyennes.org\/wp-content\/uploads\/2026\/03\/association-TCA-AGO-du-21-03-2026-convocation.pdf\" class=\"wp-block-file__button wp-element-button\" download aria-describedby=\"wp-block-file--media-d8158abb-a9b8-4197-813a-2bc6fa0a9fbf\">T\u00e9l\u00e9charger<\/a><\/div>\n\n\n\n<div class=\"wp-block-file\"><a id=\"wp-block-file--media-fb3b32ab-4420-4a9c-914c-67b19595c441\" href=\"https:\/\/terrescitoyennes.org\/wp-content\/uploads\/2026\/03\/TCA-asso-rapport-dactivites-2025.pdf\">TCA asso &#8211; rapport d&rsquo;activit\u00e9s 2025<\/a><a href=\"https:\/\/terrescitoyennes.org\/wp-content\/uploads\/2026\/03\/TCA-asso-rapport-dactivites-2025.pdf\" class=\"wp-block-file__button wp-element-button\" download aria-describedby=\"wp-block-file--media-fb3b32ab-4420-4a9c-914c-67b19595c441\">T\u00e9l\u00e9charger<\/a><\/div>\n\n\n\n<div class=\"wp-block-file\"><a id=\"wp-block-file--media-c5a7d82f-c03a-4cc7-b4f6-3018234694c6\" href=\"https:\/\/terrescitoyennes.org\/wp-content\/uploads\/2026\/03\/TCA-asso-bilan-financier-2025.pdf\">TCA asso &#8211; bilan financier 2025<\/a><a href=\"https:\/\/terrescitoyennes.org\/wp-content\/uploads\/2026\/03\/TCA-asso-bilan-financier-2025.pdf\" class=\"wp-block-file__button wp-element-button\" download aria-describedby=\"wp-block-file--media-c5a7d82f-c03a-4cc7-b4f6-3018234694c6\">T\u00e9l\u00e9charger<\/a><\/div>\n\n\n\n<div class=\"wp-block-file\"><a id=\"wp-block-file--media-be3494f0-bd7a-4e5b-a73c-3e8b70b44891\" href=\"https:\/\/terrescitoyennes.org\/wp-content\/uploads\/2026\/03\/TCA-asso-orientations-2026.pdf\">TCA asso &#8211; orientations 2026<\/a><a href=\"https:\/\/terrescitoyennes.org\/wp-content\/uploads\/2026\/03\/TCA-asso-orientations-2026.pdf\" class=\"wp-block-file__button wp-element-button\" download aria-describedby=\"wp-block-file--media-be3494f0-bd7a-4e5b-a73c-3e8b70b44891\">T\u00e9l\u00e9charger<\/a><\/div>\n\n\n\n<div class=\"wp-block-file\"><a id=\"wp-block-file--media-bbbfe53e-fed6-461e-b546-0eddc28fadf7\" href=\"https:\/\/terrescitoyennes.org\/wp-content\/uploads\/2026\/03\/TCA-asso-bilan-financier-previsionnel-2026.pdf\">TCA asso &#8211; bilan financier pr\u00e9visionnel 2026<\/a><a href=\"https:\/\/terrescitoyennes.org\/wp-content\/uploads\/2026\/03\/TCA-asso-bilan-financier-previsionnel-2026.pdf\" class=\"wp-block-file__button wp-element-button\" download aria-describedby=\"wp-block-file--media-bbbfe53e-fed6-461e-b546-0eddc28fadf7\">T\u00e9l\u00e9charger<\/a><\/div>\n\n\n\n<h2 class=\"wp-block-heading\">&#8212;<\/h2>\n\n\n\n<h2 class=\"wp-block-heading\">Assembl\u00e9e G\u00e9n\u00e9rale Ordinaire du 22 mars 2025 :<\/h2>\n\n\n\n<h3 class=\"wp-block-heading\">Compte-rendu et Proc\u00e8s-verbal :<\/h3>\n\n\n\n<div class=\"wp-block-file\"><a id=\"wp-block-file--media-bc064d61-a2f3-46d6-bcf5-6d5da72595f4\" href=\"https:\/\/terrescitoyennes.org\/wp-content\/uploads\/2026\/03\/association-TCA-AGO-du-22-03-2025-PV.pdf\">association TCA &#8211; AGO du 22 03 2025 &#8211; PV<\/a><a href=\"https:\/\/terrescitoyennes.org\/wp-content\/uploads\/2026\/03\/association-TCA-AGO-du-22-03-2025-PV.pdf\" class=\"wp-block-file__button wp-element-button\" download aria-describedby=\"wp-block-file--media-bc064d61-a2f3-46d6-bcf5-6d5da72595f4\">T\u00e9l\u00e9charger<\/a><\/div>\n\n\n\n<h3 class=\"wp-block-heading\">Documents pr\u00e9paratoires :<\/h3>\n\n\n\n<div class=\"wp-block-file\"><a id=\"wp-block-file--media-d8158abb-a9b8-4197-813a-2bc6fa0a9fbf\" href=\"https:\/\/terrescitoyennes.org\/wp-content\/uploads\/2025\/03\/association-TCA-AGO-du-22-03-2025-convocation.pdf\">association TCA &#8211; AGO du 22 03 2025 &#8211; convocation<\/a><a href=\"https:\/\/terrescitoyennes.org\/wp-content\/uploads\/2025\/03\/association-TCA-AGO-du-22-03-2025-convocation.pdf\" class=\"wp-block-file__button wp-element-button\" download aria-describedby=\"wp-block-file--media-d8158abb-a9b8-4197-813a-2bc6fa0a9fbf\">T\u00e9l\u00e9charger<\/a><\/div>\n\n\n\n<div class=\"wp-block-file\"><a id=\"wp-block-file--media-fb3b32ab-4420-4a9c-914c-67b19595c441\" href=\"https:\/\/terrescitoyennes.org\/wp-content\/uploads\/2025\/03\/TCA-asso-rapport-dactivites-2024.pdf\">TCA asso &#8211; rapport d&rsquo;activit\u00e9s 2024<\/a><a href=\"https:\/\/terrescitoyennes.org\/wp-content\/uploads\/2025\/03\/TCA-asso-rapport-dactivites-2024.pdf\" class=\"wp-block-file__button wp-element-button\" download aria-describedby=\"wp-block-file--media-fb3b32ab-4420-4a9c-914c-67b19595c441\">T\u00e9l\u00e9charger<\/a><\/div>\n\n\n\n<div class=\"wp-block-file\"><a id=\"wp-block-file--media-c5a7d82f-c03a-4cc7-b4f6-3018234694c6\" href=\"https:\/\/terrescitoyennes.org\/wp-content\/uploads\/2025\/03\/TCA-asso-bilan-financier-2024.pdf\">TCA asso &#8211; bilan financier 2024<\/a><a href=\"https:\/\/terrescitoyennes.org\/wp-content\/uploads\/2025\/03\/TCA-asso-bilan-financier-2024.pdf\" class=\"wp-block-file__button wp-element-button\" download aria-describedby=\"wp-block-file--media-c5a7d82f-c03a-4cc7-b4f6-3018234694c6\">T\u00e9l\u00e9charger<\/a><\/div>\n\n\n\n<div class=\"wp-block-file\"><a id=\"wp-block-file--media-be3494f0-bd7a-4e5b-a73c-3e8b70b44891\" href=\"https:\/\/terrescitoyennes.org\/wp-content\/uploads\/2025\/03\/TCA-asso-orientations-2025.pdf\">TCA asso &#8211; orientations 2025<\/a><a href=\"https:\/\/terrescitoyennes.org\/wp-content\/uploads\/2025\/03\/TCA-asso-orientations-2025.pdf\" class=\"wp-block-file__button wp-element-button\" download aria-describedby=\"wp-block-file--media-be3494f0-bd7a-4e5b-a73c-3e8b70b44891\">T\u00e9l\u00e9charger<\/a><\/div>\n\n\n\n<div class=\"wp-block-file\"><a id=\"wp-block-file--media-bbbfe53e-fed6-461e-b546-0eddc28fadf7\" href=\"https:\/\/terrescitoyennes.org\/wp-content\/uploads\/2025\/03\/TCA-asso-bilan-financier-previsionnel-2025.pdf\">TCA asso &#8211; bilan financier pr\u00e9visionnel 2025<\/a><a href=\"https:\/\/terrescitoyennes.org\/wp-content\/uploads\/2025\/03\/TCA-asso-bilan-financier-previsionnel-2025.pdf\" class=\"wp-block-file__button wp-element-button\" download aria-describedby=\"wp-block-file--media-bbbfe53e-fed6-461e-b546-0eddc28fadf7\">T\u00e9l\u00e9charger<\/a><\/div>\n\n\n\n<h2 class=\"wp-block-heading\">&#8212;<\/h2>\n\n\n\n<h2 class=\"wp-block-heading\">Assembl\u00e9e G\u00e9n\u00e9rale Ordinaire du 23 mars 2024 :<\/h2>\n\n\n\n<h3 class=\"wp-block-heading\">Compte-rendu et Proc\u00e8s-verbal :<\/h3>\n\n\n\n<div class=\"wp-block-file\"><a id=\"wp-block-file--media-bc064d61-a2f3-46d6-bcf5-6d5da72595f4\" href=\"https:\/\/terrescitoyennes.org\/wp-content\/uploads\/2026\/03\/association-TCA-AGO-du-23-03-2024-PV.pdf\">association TCA &#8211; AGO du 23 03 2024 &#8211; PV<\/a><a href=\"https:\/\/terrescitoyennes.org\/wp-content\/uploads\/2026\/03\/association-TCA-AGO-du-23-03-2024-PV.pdf\" class=\"wp-block-file__button wp-element-button\" download aria-describedby=\"wp-block-file--media-bc064d61-a2f3-46d6-bcf5-6d5da72595f4\">T\u00e9l\u00e9charger<\/a><\/div>\n\n\n\n<h3 class=\"wp-block-heading\">Documents pr\u00e9paratoires :<\/h3>\n\n\n\n<div class=\"wp-block-file\"><a id=\"wp-block-file--media-d8158abb-a9b8-4197-813a-2bc6fa0a9fbf\" href=\"https:\/\/terrescitoyennes.org\/wp-content\/uploads\/2024\/03\/association-TCA-AGO-du-23-03-2024-convocation.pdf\">association TCA &#8211; AGO du 23 03 2024 &#8211; convocation<\/a><a href=\"https:\/\/terrescitoyennes.org\/wp-content\/uploads\/2024\/03\/association-TCA-AGO-du-23-03-2024-convocation.pdf\" class=\"wp-block-file__button wp-element-button\" download aria-describedby=\"wp-block-file--media-d8158abb-a9b8-4197-813a-2bc6fa0a9fbf\">T\u00e9l\u00e9charger<\/a><\/div>\n\n\n\n<div class=\"wp-block-file\"><a id=\"wp-block-file--media-ee240fa2-c65d-434a-a009-1892289f189a\" href=\"https:\/\/terrescitoyennes.org\/wp-content\/uploads\/2024\/03\/TCA-asso-rapport-dactivites-2023.pdf\">TCA asso &#8211; rapport d&rsquo;activit\u00e9s 2023<\/a><a href=\"https:\/\/terrescitoyennes.org\/wp-content\/uploads\/2024\/03\/TCA-asso-rapport-dactivites-2023.pdf\" class=\"wp-block-file__button wp-element-button\" download aria-describedby=\"wp-block-file--media-ee240fa2-c65d-434a-a009-1892289f189a\">T\u00e9l\u00e9charger<\/a><\/div>\n\n\n\n<div class=\"wp-block-file\"><a id=\"wp-block-file--media-d502499a-d9d1-4559-b71d-5e95bc05674f\" href=\"https:\/\/terrescitoyennes.org\/wp-content\/uploads\/2024\/03\/TCA-asso-bilan-financier-2023.pdf\">TCA asso &#8211; bilan financier 2023<\/a><a href=\"https:\/\/terrescitoyennes.org\/wp-content\/uploads\/2024\/03\/TCA-asso-bilan-financier-2023.pdf\" class=\"wp-block-file__button wp-element-button\" download aria-describedby=\"wp-block-file--media-d502499a-d9d1-4559-b71d-5e95bc05674f\">T\u00e9l\u00e9charger<\/a><\/div>\n\n\n\n<div class=\"wp-block-file\"><a id=\"wp-block-file--media-75f39f42-61ce-439f-a819-4a9e9f4f4d35\" href=\"https:\/\/terrescitoyennes.org\/wp-content\/uploads\/2024\/03\/TCA-asso-orientations-2024.pdf\">TCA asso &#8211; orientations 2024<\/a><a href=\"https:\/\/terrescitoyennes.org\/wp-content\/uploads\/2024\/03\/TCA-asso-orientations-2024.pdf\" class=\"wp-block-file__button wp-element-button\" download aria-describedby=\"wp-block-file--media-75f39f42-61ce-439f-a819-4a9e9f4f4d35\">T\u00e9l\u00e9charger<\/a><\/div>\n\n\n\n<div class=\"wp-block-file\"><a id=\"wp-block-file--media-0eadedc3-7008-4d8f-bce0-c943915b21f3\" href=\"https:\/\/terrescitoyennes.org\/wp-content\/uploads\/2024\/03\/TCA-asso-bilan-financier-previsionnel-2024.pdf\">TCA asso &#8211; bilan financier pr\u00e9visionnel 2024<\/a><a href=\"https:\/\/terrescitoyennes.org\/wp-content\/uploads\/2024\/03\/TCA-asso-bilan-financier-previsionnel-2024.pdf\" class=\"wp-block-file__button wp-element-button\" download aria-describedby=\"wp-block-file--media-0eadedc3-7008-4d8f-bce0-c943915b21f3\">T\u00e9l\u00e9charger<\/a><\/div>\n\n\n\n<h2 class=\"wp-block-heading\">&#8212;<\/h2>\n\n\n\n<h2 class=\"wp-block-heading\">Assembl\u00e9e G\u00e9n\u00e9rale Extraordinaire du 1er avril 2023 :<\/h2>\n\n\n\n<h3 class=\"wp-block-heading\">Compte-rendu et Proc\u00e8s-verbal :<\/h3>\n\n\n\n<div class=\"wp-block-file\"><a id=\"wp-block-file--media-122d8c03-9a9e-4e5e-9410-3702ab3e843b\" href=\"https:\/\/terrescitoyennes.org\/wp-content\/uploads\/2023\/07\/association-TCA-AGE-du-01-04-2023-PV-signe.pdf\">association-TCA-AGE-du-01-04-2023-PV-signe<\/a><a href=\"https:\/\/terrescitoyennes.org\/wp-content\/uploads\/2023\/07\/association-TCA-AGE-du-01-04-2023-PV-signe.pdf\" class=\"wp-block-file__button wp-element-button\" download aria-describedby=\"wp-block-file--media-122d8c03-9a9e-4e5e-9410-3702ab3e843b\">T\u00e9l\u00e9charger<\/a><\/div>\n\n\n\n<h3 class=\"wp-block-heading\">Documents pr\u00e9paratoires :<\/h3>\n\n\n\n<div class=\"wp-block-file\"><a id=\"wp-block-file--media-25818b30-85f8-4019-a367-bc64e1e839ec\" href=\"https:\/\/terrescitoyennes.org\/wp-content\/uploads\/2023\/03\/association-TCA-AGE-du-01-04-2023-convocation.pdf\">association-TCA-AGE-du-01-04-2023-convocation<\/a><a href=\"https:\/\/terrescitoyennes.org\/wp-content\/uploads\/2023\/03\/association-TCA-AGE-du-01-04-2023-convocation.pdf\" class=\"wp-block-file__button wp-element-button\" download aria-describedby=\"wp-block-file--media-25818b30-85f8-4019-a367-bc64e1e839ec\">T\u00e9l\u00e9charger<\/a><\/div>\n\n\n\n<div class=\"wp-block-file\"><a id=\"wp-block-file--media-ea9c524e-c49a-469c-96bc-7e607c1b5fe4\" href=\"https:\/\/terrescitoyennes.org\/wp-content\/uploads\/2023\/03\/association-TCA-AGE-du-01-04-2023-notice-explicative.pdf\">association-TCA-AGE-du-01-04-2023-notice-explicative<\/a><a href=\"https:\/\/terrescitoyennes.org\/wp-content\/uploads\/2023\/03\/association-TCA-AGE-du-01-04-2023-notice-explicative.pdf\" class=\"wp-block-file__button wp-element-button\" download aria-describedby=\"wp-block-file--media-ea9c524e-c49a-469c-96bc-7e607c1b5fe4\">T\u00e9l\u00e9charger<\/a><\/div>\n\n\n\n<div class=\"wp-block-file\"><a id=\"wp-block-file--media-49d5af0c-43a7-42ce-b9f6-f1a4ae31ebf4\" href=\"https:\/\/terrescitoyennes.org\/wp-content\/uploads\/2023\/03\/association-TCA-AGE-du-01-04-2023-projet-de-statuts.pdf\">association-TCA-AGE-du-01-04-2023-projet-de-statuts<\/a><a href=\"https:\/\/terrescitoyennes.org\/wp-content\/uploads\/2023\/03\/association-TCA-AGE-du-01-04-2023-projet-de-statuts.pdf\" class=\"wp-block-file__button wp-element-button\" download aria-describedby=\"wp-block-file--media-49d5af0c-43a7-42ce-b9f6-f1a4ae31ebf4\">T\u00e9l\u00e9charger<\/a><\/div>\n\n\n\n<div class=\"wp-block-file\"><a id=\"wp-block-file--media-416ec492-c7e9-4d37-a7ca-05c044f3d130\" href=\"https:\/\/terrescitoyennes.org\/wp-content\/uploads\/2023\/03\/association-TCA-AGE-du-01-04-2023-projet-de-reglement-interieur.pdf\">association-TCA-AGE-du-01-04-2023-projet-de-reglement-interieur<\/a><a href=\"https:\/\/terrescitoyennes.org\/wp-content\/uploads\/2023\/03\/association-TCA-AGE-du-01-04-2023-projet-de-reglement-interieur.pdf\" class=\"wp-block-file__button wp-element-button\" download aria-describedby=\"wp-block-file--media-416ec492-c7e9-4d37-a7ca-05c044f3d130\">T\u00e9l\u00e9charger<\/a><\/div>\n\n\n\n<h2 class=\"wp-block-heading\">&#8212;<\/h2>\n\n\n\n<h2 class=\"wp-block-heading\">Assembl\u00e9e G\u00e9n\u00e9rale Ordinaire du 1er avril 2023 :<\/h2>\n\n\n\n<h3 class=\"wp-block-heading\">Compte-rendu et Proc\u00e8s-verbal :<\/h3>\n\n\n\n<div class=\"wp-block-file\"><a id=\"wp-block-file--media-bc064d61-a2f3-46d6-bcf5-6d5da72595f4\" href=\"https:\/\/terrescitoyennes.org\/wp-content\/uploads\/2023\/07\/association-TCA-AGO-du-01-04-2023-PV-signe.pdf\">association-TCA-AGO-du-01-04-2023-PV-signe<\/a><a href=\"https:\/\/terrescitoyennes.org\/wp-content\/uploads\/2023\/07\/association-TCA-AGO-du-01-04-2023-PV-signe.pdf\" class=\"wp-block-file__button wp-element-button\" download aria-describedby=\"wp-block-file--media-bc064d61-a2f3-46d6-bcf5-6d5da72595f4\">T\u00e9l\u00e9charger<\/a><\/div>\n\n\n\n<h3 class=\"wp-block-heading\">Documents pr\u00e9paratoires :<\/h3>\n\n\n\n<div class=\"wp-block-file\"><a id=\"wp-block-file--media-b5dd667f-ad45-49b5-a383-3055eeec3295\" href=\"https:\/\/terrescitoyennes.org\/wp-content\/uploads\/2023\/03\/association-TCA-AGO-du-01-04-2023-convocation.pdf\">association-TCA-AGO-du-01-04-2023-convocation<\/a><a href=\"https:\/\/terrescitoyennes.org\/wp-content\/uploads\/2023\/03\/association-TCA-AGO-du-01-04-2023-convocation.pdf\" class=\"wp-block-file__button wp-element-button\" download aria-describedby=\"wp-block-file--media-b5dd667f-ad45-49b5-a383-3055eeec3295\">T\u00e9l\u00e9charger<\/a><\/div>\n\n\n\n<div class=\"wp-block-file\"><a id=\"wp-block-file--media-cb6f1c56-86e9-44ae-afa2-f8f26bac2c04\" href=\"https:\/\/terrescitoyennes.org\/wp-content\/uploads\/2023\/03\/association-TCA-AGO-du-01-04-2023-rapport-dactivites-2022.pdf\">association-TCA-AGO-du-01-04-2023-rapport-dactivites-2022<\/a><a href=\"https:\/\/terrescitoyennes.org\/wp-content\/uploads\/2023\/03\/association-TCA-AGO-du-01-04-2023-rapport-dactivites-2022.pdf\" class=\"wp-block-file__button wp-element-button\" download aria-describedby=\"wp-block-file--media-cb6f1c56-86e9-44ae-afa2-f8f26bac2c04\">T\u00e9l\u00e9charger<\/a><\/div>\n\n\n\n<div class=\"wp-block-file\"><a id=\"wp-block-file--media-77241b8a-0ba9-4862-935c-1873e5669be6\" href=\"https:\/\/terrescitoyennes.org\/wp-content\/uploads\/2023\/03\/association-TCA-AGO-du-01-04-2023-bilan-financier-2022.pdf\">association-TCA-AGO-du-01-04-2023-bilan-financier-2022<\/a><a href=\"https:\/\/terrescitoyennes.org\/wp-content\/uploads\/2023\/03\/association-TCA-AGO-du-01-04-2023-bilan-financier-2022.pdf\" class=\"wp-block-file__button wp-element-button\" download aria-describedby=\"wp-block-file--media-77241b8a-0ba9-4862-935c-1873e5669be6\">T\u00e9l\u00e9charger<\/a><\/div>\n\n\n\n<div class=\"wp-block-file\"><a id=\"wp-block-file--media-12471084-8128-42fa-a7bf-484bd4cfaad7\" href=\"https:\/\/terrescitoyennes.org\/wp-content\/uploads\/2023\/03\/association-TCA-AGO-du-01-04-2023-orientations-2023.pdf\">association-TCA-AGO-du-01-04-2023-orientations-2023<\/a><a href=\"https:\/\/terrescitoyennes.org\/wp-content\/uploads\/2023\/03\/association-TCA-AGO-du-01-04-2023-orientations-2023.pdf\" class=\"wp-block-file__button wp-element-button\" download aria-describedby=\"wp-block-file--media-12471084-8128-42fa-a7bf-484bd4cfaad7\">T\u00e9l\u00e9charger<\/a><\/div>\n\n\n\n<div class=\"wp-block-file\"><a id=\"wp-block-file--media-55bcc0d3-97a4-49ef-bdc1-53b60fa5782d\" href=\"https:\/\/terrescitoyennes.org\/wp-content\/uploads\/2023\/03\/association-TCA-AGO-du-01-04-2023-bilan-financier-previsionnel-2023.pdf\">association-TCA-AGO-du-01-04-2023-bilan-financier-previsionnel-2023<\/a><a href=\"https:\/\/terrescitoyennes.org\/wp-content\/uploads\/2023\/03\/association-TCA-AGO-du-01-04-2023-bilan-financier-previsionnel-2023.pdf\" class=\"wp-block-file__button wp-element-button\" download aria-describedby=\"wp-block-file--media-55bcc0d3-97a4-49ef-bdc1-53b60fa5782d\">T\u00e9l\u00e9charger<\/a><\/div>\n\n\n\n<h2 class=\"wp-block-heading\">&#8212;<\/h2>\n\n\n\n<h2 class=\"wp-block-heading\">Assembl\u00e9e G\u00e9n\u00e9rale Ordinaire du 09 avril 2022 :<\/h2>\n\n\n\n<h3 class=\"wp-block-heading\">Compte-rendu et Proc\u00e8s-verbal :<\/h3>\n\n\n\n<div class=\"wp-block-file\"><a id=\"wp-block-file--media-2560f531-1201-4e7f-8ad9-ed5e539ece41\" href=\"https:\/\/terrescitoyennes.org\/wp-content\/uploads\/2023\/03\/association-TCA-AGO-du-09-04-2022-PV-signe.pdf\">association-TCA-AGO-du-09-04-2022-PV-signe<\/a><a href=\"https:\/\/terrescitoyennes.org\/wp-content\/uploads\/2023\/03\/association-TCA-AGO-du-09-04-2022-PV-signe.pdf\" class=\"wp-block-file__button wp-element-button\" download aria-describedby=\"wp-block-file--media-2560f531-1201-4e7f-8ad9-ed5e539ece41\">T\u00e9l\u00e9charger<\/a><\/div>\n\n\n\n<h3 class=\"wp-block-heading\">Documents pr\u00e9paratoires :<\/h3>\n\n\n\n<div class=\"wp-block-file\"><a id=\"wp-block-file--media-25dfeff5-5ded-4463-bc21-75b7bf1c6eb4\" href=\"https:\/\/terrescitoyennes.org\/wp-content\/uploads\/2022\/03\/association-TCA-AGO-du-09-04-2022-convocation.pdf\">association-TCA-AGO-du-09-04-2022-convocation<\/a><a href=\"https:\/\/terrescitoyennes.org\/wp-content\/uploads\/2022\/03\/association-TCA-AGO-du-09-04-2022-convocation.pdf\" class=\"wp-block-file__button wp-element-button\" download aria-describedby=\"wp-block-file--media-25dfeff5-5ded-4463-bc21-75b7bf1c6eb4\">T\u00e9l\u00e9charger<\/a><\/div>\n\n\n\n<div class=\"wp-block-file\"><a id=\"wp-block-file--media-f8d19b03-9b3c-441b-b2bb-5b48c10d5dde\" href=\"https:\/\/terrescitoyennes.org\/wp-content\/uploads\/2022\/03\/association-TCA-AGO-du-09-04-2022-rapport-dactivites-2021.pdf\">association-TCA-AGO-du-09-04-2022-rapport-dactivites-2021<\/a><a href=\"https:\/\/terrescitoyennes.org\/wp-content\/uploads\/2022\/03\/association-TCA-AGO-du-09-04-2022-rapport-dactivites-2021.pdf\" class=\"wp-block-file__button wp-element-button\" download aria-describedby=\"wp-block-file--media-f8d19b03-9b3c-441b-b2bb-5b48c10d5dde\">T\u00e9l\u00e9charger<\/a><\/div>\n\n\n\n<div class=\"wp-block-file\"><a id=\"wp-block-file--media-24be7fac-548b-4703-8165-71884fcb33bf\" href=\"https:\/\/terrescitoyennes.org\/wp-content\/uploads\/2022\/03\/association-TCA-AGO-du-09-04-2022-bilan-financier-2021.pdf\">association-TCA-AGO-du-09-04-2022-bilan-financier-2021<\/a><a href=\"https:\/\/terrescitoyennes.org\/wp-content\/uploads\/2022\/03\/association-TCA-AGO-du-09-04-2022-bilan-financier-2021.pdf\" class=\"wp-block-file__button wp-element-button\" download aria-describedby=\"wp-block-file--media-24be7fac-548b-4703-8165-71884fcb33bf\">T\u00e9l\u00e9charger<\/a><\/div>\n\n\n\n<div class=\"wp-block-file\"><a id=\"wp-block-file--media-bcfda629-a171-46a6-a258-cda5afaffdf2\" href=\"https:\/\/terrescitoyennes.org\/wp-content\/uploads\/2022\/03\/association-TCA-AGO-du-09-04-2022-orientations-2022.pdf\">association-TCA-AGO-du-09-04-2022-orientations-2022<\/a><a href=\"https:\/\/terrescitoyennes.org\/wp-content\/uploads\/2022\/03\/association-TCA-AGO-du-09-04-2022-orientations-2022.pdf\" class=\"wp-block-file__button wp-element-button\" download aria-describedby=\"wp-block-file--media-bcfda629-a171-46a6-a258-cda5afaffdf2\">T\u00e9l\u00e9charger<\/a><\/div>\n\n\n\n<div class=\"wp-block-file\"><a id=\"wp-block-file--media-dbe3c0c8-69ce-411e-a1d9-e0e8b6478da1\" href=\"https:\/\/terrescitoyennes.org\/wp-content\/uploads\/2022\/03\/association-TCA-AGO-du-09-04-2022-bilan-financier-previsionnel-2022.pdf\">association-TCA-AGO-du-09-04-2022-bilan-financier-previsionnel-2022<\/a><a href=\"https:\/\/terrescitoyennes.org\/wp-content\/uploads\/2022\/03\/association-TCA-AGO-du-09-04-2022-bilan-financier-previsionnel-2022.pdf\" class=\"wp-block-file__button wp-element-button\" download aria-describedby=\"wp-block-file--media-dbe3c0c8-69ce-411e-a1d9-e0e8b6478da1\">T\u00e9l\u00e9charger<\/a><\/div>\n\n\n\n<h2 class=\"wp-block-heading\">&#8212;<\/h2>\n\n\n\n<h2 class=\"wp-block-heading\">Assembl\u00e9e G\u00e9n\u00e9rale Ordinaire du 20 mars 2021 :<\/h2>\n\n\n\n<h3 class=\"wp-block-heading\">Compte-rendu et Proc\u00e8s-verbal :<\/h3>\n\n\n\n<div class=\"wp-block-file\"><a id=\"wp-block-file--media-5d661456-4d1f-4bc7-a207-c329bc154d7a\" href=\"https:\/\/terrescitoyennes.org\/wp-content\/uploads\/2021\/05\/TCA-CR-journee-des-AGs-20-03-2021.pdf\">TCA-CR-journee-des-AGs-20-03-2021<\/a><a href=\"https:\/\/terrescitoyennes.org\/wp-content\/uploads\/2021\/05\/TCA-CR-journee-des-AGs-20-03-2021.pdf\" class=\"wp-block-file__button wp-element-button\" download aria-describedby=\"wp-block-file--media-5d661456-4d1f-4bc7-a207-c329bc154d7a\">T\u00e9l\u00e9charger<\/a><\/div>\n\n\n\n<div class=\"wp-block-file\"><a id=\"wp-block-file--media-d93a0388-b59b-4ce7-8052-a37e83614727\" href=\"https:\/\/terrescitoyennes.org\/wp-content\/uploads\/2021\/05\/association-TCA-AGO-du-20-03-2021-PV.pdf\">association-TCA-AGO-du-20-03-2021-PV<\/a><a href=\"https:\/\/terrescitoyennes.org\/wp-content\/uploads\/2021\/05\/association-TCA-AGO-du-20-03-2021-PV.pdf\" class=\"wp-block-file__button wp-element-button\" download aria-describedby=\"wp-block-file--media-d93a0388-b59b-4ce7-8052-a37e83614727\">T\u00e9l\u00e9charger<\/a><\/div>\n\n\n\n<h3 class=\"wp-block-heading\">Documents pr\u00e9paratoires :<\/h3>\n\n\n\n<div class=\"wp-block-file\"><a id=\"wp-block-file--media-4d909c25-5ef5-4c5e-98d1-dba19d7b023c\" href=\"https:\/\/terrescitoyennes.org\/wp-content\/uploads\/2021\/03\/association-TCA-AGO-du-20-03-2021-convocation.pdf\">association-TCA-AGO-du-20-03-2021-convocation<\/a><a href=\"https:\/\/terrescitoyennes.org\/wp-content\/uploads\/2021\/03\/association-TCA-AGO-du-20-03-2021-convocation.pdf\" class=\"wp-block-file__button wp-element-button\" download aria-describedby=\"wp-block-file--media-4d909c25-5ef5-4c5e-98d1-dba19d7b023c\">T\u00e9l\u00e9charger<\/a><\/div>\n\n\n\n<div class=\"wp-block-file\"><a id=\"wp-block-file--media-fbfd8962-4bf6-4e4f-b440-02bce5241105\" href=\"https:\/\/terrescitoyennes.org\/wp-content\/uploads\/2021\/03\/association-TCA-AGO-du-20-03-2021-rapport-dactivites-2020.pdf\">association-TCA-AGO-du-20-03-2021-rapport-dactivites-2020<\/a><a href=\"https:\/\/terrescitoyennes.org\/wp-content\/uploads\/2021\/03\/association-TCA-AGO-du-20-03-2021-rapport-dactivites-2020.pdf\" class=\"wp-block-file__button wp-element-button\" download aria-describedby=\"wp-block-file--media-fbfd8962-4bf6-4e4f-b440-02bce5241105\">T\u00e9l\u00e9charger<\/a><\/div>\n\n\n\n<div class=\"wp-block-file\"><a id=\"wp-block-file--media-ebf6a70c-27a0-4224-af43-e965c2ed41fa\" href=\"https:\/\/terrescitoyennes.org\/wp-content\/uploads\/2021\/03\/association-TCA-AGO-du-20-03-2021-bilan-financier-2020.pdf\">association-TCA-AGO-du-20-03-2021-bilan-financier-2020<\/a><a href=\"https:\/\/terrescitoyennes.org\/wp-content\/uploads\/2021\/03\/association-TCA-AGO-du-20-03-2021-bilan-financier-2020.pdf\" class=\"wp-block-file__button wp-element-button\" download aria-describedby=\"wp-block-file--media-ebf6a70c-27a0-4224-af43-e965c2ed41fa\">T\u00e9l\u00e9charger<\/a><\/div>\n\n\n\n<div class=\"wp-block-file\"><a id=\"wp-block-file--media-f244b0cb-6147-4eef-8a47-b75570830b24\" href=\"https:\/\/terrescitoyennes.org\/wp-content\/uploads\/2021\/03\/association-TCA-AGO-du-20-03-2021-orientations-2021.pdf\">association-TCA-AGO-du-20-03-2021-orientations-2021<\/a><a href=\"https:\/\/terrescitoyennes.org\/wp-content\/uploads\/2021\/03\/association-TCA-AGO-du-20-03-2021-orientations-2021.pdf\" class=\"wp-block-file__button wp-element-button\" download aria-describedby=\"wp-block-file--media-f244b0cb-6147-4eef-8a47-b75570830b24\">T\u00e9l\u00e9charger<\/a><\/div>\n\n\n\n<div class=\"wp-block-file\"><a id=\"wp-block-file--media-34231858-7e13-4b00-851e-d7e59d427bec\" href=\"https:\/\/terrescitoyennes.org\/wp-content\/uploads\/2021\/03\/association-TCA-AGO-du-20-03-2021-bilan-financier-previsionnel-2021.pdf\">association-TCA-AGO-du-20-03-2021-bilan-financier-previsionnel-2021<\/a><a href=\"https:\/\/terrescitoyennes.org\/wp-content\/uploads\/2021\/03\/association-TCA-AGO-du-20-03-2021-bilan-financier-previsionnel-2021.pdf\" class=\"wp-block-file__button wp-element-button\" download aria-describedby=\"wp-block-file--media-34231858-7e13-4b00-851e-d7e59d427bec\">T\u00e9l\u00e9charger<\/a><\/div>\n","protected":false},"excerpt":{"rendered":"<p>Assembl\u00e9e G\u00e9n\u00e9rale Ordinaire du 21 mars 2026 : Compte-rendu et Proc\u00e8s-verbal : Documents pr\u00e9paratoires : &#8212; Assembl\u00e9e G\u00e9n\u00e9rale Ordinaire du 22 mars 2025 : Compte-rendu et Proc\u00e8s-verbal : Documents pr\u00e9paratoires : &#8212; Assembl\u00e9e G\u00e9n\u00e9rale Ordinaire du 23 mars 2024 : Compte-rendu et Proc\u00e8s-verbal : Documents pr\u00e9paratoires : &#8212; Assembl\u00e9e G\u00e9n\u00e9rale Extraordinaire du 1er avril 2023 [&hellip;]<\/p>\n","protected":false},"author":2,"featured_media":0,"parent":0,"menu_order":0,"comment_status":"closed","ping_status":"closed","template":"","meta":{"footnotes":""},"yoast_head":"<!-- This site is optimized with the Yoast SEO plugin v23.5 - https:\/\/yoast.com\/wordpress\/plugins\/seo\/ -->\n<title>Association - Assembl\u00e9es G\u00e9n\u00e9rales - Terres citoyennes albigeoises<\/title>\n<meta name=\"robots\" content=\"index, follow, max-snippet:-1, max-image-preview:large, max-video-preview:-1\" \/>\n<link rel=\"canonical\" href=\"https:\/\/terrescitoyennes.org\/index.php\/association-assemblees-generales\/\" \/>\n<meta property=\"og:locale\" content=\"fr_FR\" \/>\n<meta property=\"og:type\" content=\"article\" \/>\n<meta property=\"og:title\" content=\"Association - Assembl\u00e9es G\u00e9n\u00e9rales - Terres citoyennes albigeoises\" \/>\n<meta property=\"og:description\" content=\"Assembl\u00e9e G\u00e9n\u00e9rale Ordinaire du 21 mars 2026 : Compte-rendu et Proc\u00e8s-verbal : Documents pr\u00e9paratoires : &#8212; Assembl\u00e9e G\u00e9n\u00e9rale Ordinaire du 22 mars 2025 : Compte-rendu et Proc\u00e8s-verbal : Documents pr\u00e9paratoires : &#8212; Assembl\u00e9e G\u00e9n\u00e9rale Ordinaire du 23 mars 2024 : Compte-rendu et Proc\u00e8s-verbal : Documents pr\u00e9paratoires : &#8212; Assembl\u00e9e G\u00e9n\u00e9rale Extraordinaire du 1er avril 2023 [&hellip;]\" \/>\n<meta property=\"og:url\" content=\"https:\/\/terrescitoyennes.org\/index.php\/association-assemblees-generales\/\" \/>\n<meta property=\"og:site_name\" content=\"Terres citoyennes albigeoises\" \/>\n<meta property=\"article:publisher\" content=\"https:\/\/www.facebook.com\/Terres-citoyennes-albigeoises-513479312353377\/\" \/>\n<meta property=\"article:modified_time\" content=\"2026-04-09T14:02:10+00:00\" \/>\n<meta name=\"twitter:card\" content=\"summary_large_image\" \/>\n<meta name=\"twitter:label1\" content=\"Dur\u00e9e de lecture estim\u00e9e\" \/>\n\t<meta name=\"twitter:data1\" content=\"2 minutes\" \/>\n<script type=\"application\/ld+json\" class=\"yoast-schema-graph\">{\"@context\":\"https:\/\/schema.org\",\"@graph\":[{\"@type\":\"WebPage\",\"@id\":\"https:\/\/terrescitoyennes.org\/index.php\/association-assemblees-generales\/\",\"url\":\"https:\/\/terrescitoyennes.org\/index.php\/association-assemblees-generales\/\",\"name\":\"Association - Assembl\u00e9es G\u00e9n\u00e9rales - Terres citoyennes albigeoises\",\"isPartOf\":{\"@id\":\"https:\/\/terrescitoyennes.org\/#website\"},\"datePublished\":\"2021-03-05T13:17:22+00:00\",\"dateModified\":\"2026-04-09T14:02:10+00:00\",\"breadcrumb\":{\"@id\":\"https:\/\/terrescitoyennes.org\/index.php\/association-assemblees-generales\/#breadcrumb\"},\"inLanguage\":\"fr-FR\",\"potentialAction\":[{\"@type\":\"ReadAction\",\"target\":[\"https:\/\/terrescitoyennes.org\/index.php\/association-assemblees-generales\/\"]}]},{\"@type\":\"BreadcrumbList\",\"@id\":\"https:\/\/terrescitoyennes.org\/index.php\/association-assemblees-generales\/#breadcrumb\",\"itemListElement\":[{\"@type\":\"ListItem\",\"position\":1,\"name\":\"Accueil\",\"item\":\"https:\/\/terrescitoyennes.org\/\"},{\"@type\":\"ListItem\",\"position\":2,\"name\":\"Association &#8211; Assembl\u00e9es G\u00e9n\u00e9rales\"}]},{\"@type\":\"WebSite\",\"@id\":\"https:\/\/terrescitoyennes.org\/#website\",\"url\":\"https:\/\/terrescitoyennes.org\/\",\"name\":\"Terres Citoyennes Albigeoises\",\"description\":\"\",\"publisher\":{\"@id\":\"https:\/\/terrescitoyennes.org\/#organization\"},\"potentialAction\":[{\"@type\":\"SearchAction\",\"target\":{\"@type\":\"EntryPoint\",\"urlTemplate\":\"https:\/\/terrescitoyennes.org\/?s={search_term_string}\"},\"query-input\":{\"@type\":\"PropertyValueSpecification\",\"valueRequired\":true,\"valueName\":\"search_term_string\"}}],\"inLanguage\":\"fr-FR\"},{\"@type\":\"Organization\",\"@id\":\"https:\/\/terrescitoyennes.org\/#organization\",\"name\":\"Terres Citoyennes Albigeoises\",\"url\":\"https:\/\/terrescitoyennes.org\/\",\"logo\":{\"@type\":\"ImageObject\",\"inLanguage\":\"fr-FR\",\"@id\":\"https:\/\/terrescitoyennes.org\/#\/schema\/logo\/image\/\",\"url\":\"https:\/\/terrescitoyennes.org\/wp-content\/uploads\/2020\/05\/LOGO-TC-propo-01.png\",\"contentUrl\":\"https:\/\/terrescitoyennes.org\/wp-content\/uploads\/2020\/05\/LOGO-TC-propo-01.png\",\"width\":519,\"height\":459,\"caption\":\"Terres Citoyennes Albigeoises\"},\"image\":{\"@id\":\"https:\/\/terrescitoyennes.org\/#\/schema\/logo\/image\/\"},\"sameAs\":[\"https:\/\/www.facebook.com\/Terres-citoyennes-albigeoises-513479312353377\/\"]}]}<\/script>\n<!-- \/ Yoast SEO plugin. -->","yoast_head_json":{"title":"Association - Assembl\u00e9es G\u00e9n\u00e9rales - Terres citoyennes albigeoises","robots":{"index":"index","follow":"follow","max-snippet":"max-snippet:-1","max-image-preview":"max-image-preview:large","max-video-preview":"max-video-preview:-1"},"canonical":"https:\/\/terrescitoyennes.org\/index.php\/association-assemblees-generales\/","og_locale":"fr_FR","og_type":"article","og_title":"Association - Assembl\u00e9es G\u00e9n\u00e9rales - Terres citoyennes albigeoises","og_description":"Assembl\u00e9e G\u00e9n\u00e9rale Ordinaire du 21 mars 2026 : Compte-rendu et Proc\u00e8s-verbal : Documents pr\u00e9paratoires : &#8212; Assembl\u00e9e G\u00e9n\u00e9rale Ordinaire du 22 mars 2025 : Compte-rendu et Proc\u00e8s-verbal : Documents pr\u00e9paratoires : &#8212; Assembl\u00e9e G\u00e9n\u00e9rale Ordinaire du 23 mars 2024 : Compte-rendu et Proc\u00e8s-verbal : Documents pr\u00e9paratoires : &#8212; Assembl\u00e9e G\u00e9n\u00e9rale Extraordinaire du 1er avril 2023 [&hellip;]","og_url":"https:\/\/terrescitoyennes.org\/index.php\/association-assemblees-generales\/","og_site_name":"Terres citoyennes albigeoises","article_publisher":"https:\/\/www.facebook.com\/Terres-citoyennes-albigeoises-513479312353377\/","article_modified_time":"2026-04-09T14:02:10+00:00","twitter_card":"summary_large_image","twitter_misc":{"Dur\u00e9e de lecture estim\u00e9e":"2 minutes"},"schema":{"@context":"https:\/\/schema.org","@graph":[{"@type":"WebPage","@id":"https:\/\/terrescitoyennes.org\/index.php\/association-assemblees-generales\/","url":"https:\/\/terrescitoyennes.org\/index.php\/association-assemblees-generales\/","name":"Association - Assembl\u00e9es G\u00e9n\u00e9rales - Terres citoyennes albigeoises","isPartOf":{"@id":"https:\/\/terrescitoyennes.org\/#website"},"datePublished":"2021-03-05T13:17:22+00:00","dateModified":"2026-04-09T14:02:10+00:00","breadcrumb":{"@id":"https:\/\/terrescitoyennes.org\/index.php\/association-assemblees-generales\/#breadcrumb"},"inLanguage":"fr-FR","potentialAction":[{"@type":"ReadAction","target":["https:\/\/terrescitoyennes.org\/index.php\/association-assemblees-generales\/"]}]},{"@type":"BreadcrumbList","@id":"https:\/\/terrescitoyennes.org\/index.php\/association-assemblees-generales\/#breadcrumb","itemListElement":[{"@type":"ListItem","position":1,"name":"Accueil","item":"https:\/\/terrescitoyennes.org\/"},{"@type":"ListItem","position":2,"name":"Association &#8211; Assembl\u00e9es G\u00e9n\u00e9rales"}]},{"@type":"WebSite","@id":"https:\/\/terrescitoyennes.org\/#website","url":"https:\/\/terrescitoyennes.org\/","name":"Terres Citoyennes Albigeoises","description":"","publisher":{"@id":"https:\/\/terrescitoyennes.org\/#organization"},"potentialAction":[{"@type":"SearchAction","target":{"@type":"EntryPoint","urlTemplate":"https:\/\/terrescitoyennes.org\/?s={search_term_string}"},"query-input":{"@type":"PropertyValueSpecification","valueRequired":true,"valueName":"search_term_string"}}],"inLanguage":"fr-FR"},{"@type":"Organization","@id":"https:\/\/terrescitoyennes.org\/#organization","name":"Terres Citoyennes Albigeoises","url":"https:\/\/terrescitoyennes.org\/","logo":{"@type":"ImageObject","inLanguage":"fr-FR","@id":"https:\/\/terrescitoyennes.org\/#\/schema\/logo\/image\/","url":"https:\/\/terrescitoyennes.org\/wp-content\/uploads\/2020\/05\/LOGO-TC-propo-01.png","contentUrl":"https:\/\/terrescitoyennes.org\/wp-content\/uploads\/2020\/05\/LOGO-TC-propo-01.png","width":519,"height":459,"caption":"Terres Citoyennes Albigeoises"},"image":{"@id":"https:\/\/terrescitoyennes.org\/#\/schema\/logo\/image\/"},"sameAs":["https:\/\/www.facebook.com\/Terres-citoyennes-albigeoises-513479312353377\/"]}]}},"_links":{"self":[{"href":"https:\/\/terrescitoyennes.org\/index.php\/wp-json\/wp\/v2\/pages\/2701"}],"collection":[{"href":"https:\/\/terrescitoyennes.org\/index.php\/wp-json\/wp\/v2\/pages"}],"about":[{"href":"https:\/\/terrescitoyennes.org\/index.php\/wp-json\/wp\/v2\/types\/page"}],"author":[{"embeddable":true,"href":"https:\/\/terrescitoyennes.org\/index.php\/wp-json\/wp\/v2\/users\/2"}],"replies":[{"embeddable":true,"href":"https:\/\/terrescitoyennes.org\/index.php\/wp-json\/wp\/v2\/comments?post=2701"}],"version-history":[{"count":35,"href":"https:\/\/terrescitoyennes.org\/index.php\/wp-json\/wp\/v2\/pages\/2701\/revisions"}],"predecessor-version":[{"id":4112,"href":"https:\/\/terrescitoyennes.org\/index.php\/wp-json\/wp\/v2\/pages\/2701\/revisions\/4112"}],"wp:attachment":[{"href":"https:\/\/terrescitoyennes.org\/index.php\/wp-json\/wp\/v2\/media?parent=2701"}],"curies":[{"name":"wp","href":"https:\/\/api.w.org\/{rel}","templated":true}]}}