{"id":48,"date":"2020-04-29T22:51:20","date_gmt":"2020-04-29T20:51:20","guid":{"rendered":"http:\/\/terrescitoyennes.org\/?page_id=48"},"modified":"2026-03-06T18:59:19","modified_gmt":"2026-03-06T17:59:19","slug":"bonjour","status":"publish","type":"page","link":"https:\/\/terrescitoyennes.org\/","title":{"rendered":"Bienvenue !"},"content":{"rendered":"\n<figure class=\"wp-block-image size-large\"><a href=\"https:\/\/terrescitoyennes.org\/index.php\/2026\/03\/06\/samedi-21-mars-2026-assemblees-generales-de-lassociation-de-la-scic-et-de-la-scea-terres-citoyennes-albigeoises\/\"><img loading=\"lazy\" decoding=\"async\" width=\"1024\" height=\"683\" src=\"https:\/\/terrescitoyennes.org\/wp-content\/uploads\/2026\/03\/serre-1024x683.jpg\" alt=\"\" class=\"wp-image-4019\" srcset=\"https:\/\/terrescitoyennes.org\/wp-content\/uploads\/2026\/03\/serre-1024x683.jpg 1024w, https:\/\/terrescitoyennes.org\/wp-content\/uploads\/2026\/03\/serre-300x200.jpg 300w, https:\/\/terrescitoyennes.org\/wp-content\/uploads\/2026\/03\/serre-768x512.jpg 768w, https:\/\/terrescitoyennes.org\/wp-content\/uploads\/2026\/03\/serre.jpg 1200w\" sizes=\"(max-width: 1024px) 100vw, 1024px\" \/><\/a><\/figure>\n\n\n\n<h2 class=\"wp-block-heading\"><a href=\"https:\/\/terrescitoyennes.org\/index.php\/2025\/03\/03\/samedi-22-mars-2025-assemblees-generales-de-lassociation-de-lhttps:\/\/terrescitoyennes.org\/index.php\/2026\/03\/06\/samedi-21-mars-2026-assemblees-generales-de-lassociation-de-la-scic-et-de-la-scea-terres-citoyennes-albigeoises\/\">Samedi 21 mars 2026 \u00e0 10h00 : Assembl\u00e9es G\u00e9n\u00e9rales de l\u2019association, de la SCIC et de la SCEA Terres Citoyennes Albigeoises ==&gt; Toutes les infos ici !<\/a><\/h2>\n\n\n\n<p><\/p>\n\n\n\n<div class=\"wp-block-media-text alignwide has-media-on-the-right is-stacked-on-mobile has-black-color has-text-color has-background\" style=\"background-color:#c0d5ca\"><div class=\"wp-block-media-text__content\">\n<p class=\"has-medium-font-size\"><strong>Terres Citoyennes Albigeoises : Des citoyens et citoyennes construisent ensemble la r\u00e9silience alimentaire locale.<\/strong> <\/p>\n<\/div><figure class=\"wp-block-media-text__media\"><img loading=\"lazy\" decoding=\"async\" width=\"1000\" height=\"667\" src=\"https:\/\/terrescitoyennes.org\/wp-content\/uploads\/2023\/11\/TCA_Chantier-plantation-haies-12-dec-2020_09.jpg\" alt=\"\" class=\"wp-image-3681 size-full\" srcset=\"https:\/\/terrescitoyennes.org\/wp-content\/uploads\/2023\/11\/TCA_Chantier-plantation-haies-12-dec-2020_09.jpg 1000w, https:\/\/terrescitoyennes.org\/wp-content\/uploads\/2023\/11\/TCA_Chantier-plantation-haies-12-dec-2020_09-300x200.jpg 300w, https:\/\/terrescitoyennes.org\/wp-content\/uploads\/2023\/11\/TCA_Chantier-plantation-haies-12-dec-2020_09-768x512.jpg 768w\" sizes=\"(max-width: 1000px) 100vw, 1000px\" \/><\/figure><\/div>\n\n\n\n<div class=\"wp-block-media-text alignwide is-stacked-on-mobile has-background\" style=\"background-color:#c0d5ca\"><figure class=\"wp-block-media-text__media\"><img loading=\"lazy\" decoding=\"async\" width=\"1024\" height=\"722\" src=\"https:\/\/terrescitoyennes.org\/wp-content\/uploads\/2023\/11\/Situation-fonciere-2023-12-1024x722.jpg\" alt=\"\" class=\"wp-image-3700 size-full\" srcset=\"https:\/\/terrescitoyennes.org\/wp-content\/uploads\/2023\/11\/Situation-fonciere-2023-12-1024x722.jpg 1024w, https:\/\/terrescitoyennes.org\/wp-content\/uploads\/2023\/11\/Situation-fonciere-2023-12-300x212.jpg 300w, https:\/\/terrescitoyennes.org\/wp-content\/uploads\/2023\/11\/Situation-fonciere-2023-12-768x542.jpg 768w, https:\/\/terrescitoyennes.org\/wp-content\/uploads\/2023\/11\/Situation-fonciere-2023-12.jpg 1046w\" sizes=\"(max-width: 1024px) 100vw, 1024px\" \/><\/figure><div class=\"wp-block-media-text__content\">\n<p>Terres Citoyennes, c&rsquo;est une SCIC, pour investir&#8230;<\/p>\n\n\n\n<p>Pourquoi investir ?<\/p>\n\n\n\n<div class=\"wp-block-buttons is-layout-flex wp-block-buttons-is-layout-flex\">\n<div class=\"wp-block-button\"><a class=\"wp-block-button__link wp-element-button\" href=\"https:\/\/terrescitoyennes.org\/index.php\/participer\/prendre-des-parts\/\">Je m&rsquo;informe pour souscrire des parts sociales<\/a><\/div>\n<\/div>\n<\/div><\/div>\n\n\n\n<div class=\"wp-block-media-text alignwide has-media-on-the-right is-stacked-on-mobile has-background\" style=\"background-color:#c0d5ca\"><div class=\"wp-block-media-text__content\">\n<p>Terres Citoyennes, c&rsquo;est aussi une association, qui abrite les b\u00e9n\u00e9voles qui g\u00e8rent la SCIC, organisent des \u00e9v\u00e8nements, des chantiers participatifs, des rendez-vous pour se retrouver&#8230; <\/p>\n\n\n\n<div class=\"wp-block-buttons is-layout-flex wp-block-buttons-is-layout-flex\">\n<div class=\"wp-block-button\"><a class=\"wp-block-button__link wp-element-button\" href=\"https:\/\/terrescitoyennes.org\/index.php\/adherer-a-lassociation\/\">Je m&rsquo;informe pour adh\u00e9rer \u00e0 l&rsquo;association<\/a><\/div>\n<\/div>\n<\/div><figure class=\"wp-block-media-text__media\"><img loading=\"lazy\" decoding=\"async\" width=\"900\" height=\"601\" src=\"https:\/\/terrescitoyennes.org\/wp-content\/uploads\/2024\/03\/Citrouille-2022.jpg\" alt=\"\" class=\"wp-image-3841 size-full\" srcset=\"https:\/\/terrescitoyennes.org\/wp-content\/uploads\/2024\/03\/Citrouille-2022.jpg 900w, https:\/\/terrescitoyennes.org\/wp-content\/uploads\/2024\/03\/Citrouille-2022-300x200.jpg 300w, https:\/\/terrescitoyennes.org\/wp-content\/uploads\/2024\/03\/Citrouille-2022-768x513.jpg 768w\" sizes=\"(max-width: 900px) 100vw, 900px\" \/><\/figure><\/div>\n\n\n\n<div class=\"wp-block-media-text alignwide is-stacked-on-mobile has-background\" style=\"background-color:#c0d5ca\"><figure class=\"wp-block-media-text__media\"><img loading=\"lazy\" decoding=\"async\" width=\"1024\" height=\"683\" src=\"https:\/\/terrescitoyennes.org\/wp-content\/uploads\/2024\/03\/Chantier-charpente_-1024x683.jpg\" alt=\"\" class=\"wp-image-3838 size-full\" srcset=\"https:\/\/terrescitoyennes.org\/wp-content\/uploads\/2024\/03\/Chantier-charpente_-1024x683.jpg 1024w, https:\/\/terrescitoyennes.org\/wp-content\/uploads\/2024\/03\/Chantier-charpente_-300x200.jpg 300w, https:\/\/terrescitoyennes.org\/wp-content\/uploads\/2024\/03\/Chantier-charpente_-768x512.jpg 768w, https:\/\/terrescitoyennes.org\/wp-content\/uploads\/2024\/03\/Chantier-charpente_.jpg 1079w\" sizes=\"(max-width: 1024px) 100vw, 1024px\" \/><\/figure><div class=\"wp-block-media-text__content\">\n<p><strong>La construction du b\u00e2timent agricole avance&#8230;<\/strong><\/p>\n\n\n\n<p>&gt;&gt; Vous souhaitez nous filer la main ? Avec plaisir ! Contactez-nous par mail \u00e0 contact@terrescitoyennes.org ou par t\u00e9l\u00e9phone au 06 52 60 11 74.<\/p>\n\n\n\n<div class=\"wp-block-buttons is-layout-flex wp-block-buttons-is-layout-flex\">\n<div class=\"wp-block-button\"><a class=\"wp-block-button__link wp-element-button\" href=\"https:\/\/terrescitoyennes.org\/index.php\/participer\/devenir-benevole\/\">Je m&rsquo;informe pour participer aux chantiers<\/a><\/div>\n<\/div>\n<\/div><\/div>\n\n\n\n<div class=\"wp-block-media-text alignwide has-media-on-the-right is-stacked-on-mobile has-background\" style=\"background-color:#c0d5ca\"><div class=\"wp-block-media-text__content\">\n<p>Actualit\u00e9s :<\/p>\n\n\n\n<p>1er appel \u00e0 projet pour installation de mara\u00eechers et mara\u00eech\u00e8res =&gt; candidatez d\u00e9s maintenant !<\/p>\n\n\n\n<div class=\"wp-block-buttons is-layout-flex wp-block-buttons-is-layout-flex\">\n<div class=\"wp-block-button\"><a class=\"wp-block-button__link wp-element-button\" href=\"https:\/\/terrescitoyennes.org\/index.php\/participer\/sinstaller-sur-nos-terres\/\">Je m&rsquo;informe pour m&rsquo;installer sur les terres citoyennes<\/a><\/div>\n<\/div>\n<\/div><figure class=\"wp-block-media-text__media\"><img loading=\"lazy\" decoding=\"async\" width=\"1024\" height=\"604\" src=\"https:\/\/terrescitoyennes.org\/wp-content\/uploads\/2024\/04\/Terres-citoyennes-photo-aerienne-1024x604.jpg\" alt=\"\" class=\"wp-image-3876 size-full\" srcset=\"https:\/\/terrescitoyennes.org\/wp-content\/uploads\/2024\/04\/Terres-citoyennes-photo-aerienne-1024x604.jpg 1024w, https:\/\/terrescitoyennes.org\/wp-content\/uploads\/2024\/04\/Terres-citoyennes-photo-aerienne-300x177.jpg 300w, https:\/\/terrescitoyennes.org\/wp-content\/uploads\/2024\/04\/Terres-citoyennes-photo-aerienne-768x453.jpg 768w, https:\/\/terrescitoyennes.org\/wp-content\/uploads\/2024\/04\/Terres-citoyennes-photo-aerienne.jpg 1488w\" sizes=\"(max-width: 1024px) 100vw, 1024px\" \/><\/figure><\/div>\n\n\n\n<\/strong><p><\/p>\n<\/span> \n<\/div>\n\n\n\n<h4 class=\"wp-block-heading\">Terres citoyennes albigeoises en 1 mn (par France T\u00e9l\u00e9visions)<\/h4>\n\n\n\n<p><\/p>\n\n\n\n<div style=\"position:relative;padding-bottom:56.25%;height:0;overflow:hidden;\"> <iframe loading=\"lazy\" style=\"width:100%;height:100%;position:absolute;left:0px;top:0px;overflow:hidden\" frameborder=\"0\" type=\"text\/html\" src=\"https:\/\/www.dailymotion.com\/embed\/video\/x80hto1?autoplay=1\" width=\"100%\" height=\"100%\" allowfullscreen title=\"Dailymotion Video Player\" allow=\"autoplay\"> <\/iframe> <\/div>\n\n\n\n<p><\/p>\n\n\n\n<style>\n.fond_bleu {background-color:#42997b;}\n.blanc {color:white;}\n<\/style>\n\n<div class=\"fond_bleu\">\n<span class=\"blanc\">\n<strong>\n&gt;&gt;&gt; Pour nous suivre, nous contacter, nous rencontrer &gt;&gt;&gt; <a href=\"https:\/\/terrescitoyennes.org\/index.php\/nous-suivre-nous-contacter-nous-rencontrer\/\" target=\"_blank\" rel=\"noopener\">C&rsquo;est par ici!<\/a>\n<\/strong><p><\/p>\n<\/span> \n<\/div>\n\n\n\n<style>\n.fond_bleu {background-color:#42997b;}\n.blanc {color:white;}\n<\/style>\n\n<div class=\"fond_bleu\">\n<span class=\"blanc\">\n<strong>\n>>> Pour adh\u00e9rer \u00e0 l&rsquo;association >>> <a href=\"https:\/\/terrescitoyennes.org\/index.php\/adherer-a-lassociation\/\" target=\"_blank\" rel=\"noopener\">C&rsquo;est par ici !<\/a>\n<\/strong><\/p>\n<\/span> \n<\/div>\n\n\n\n<style>\n.fond_bleu {background-color:#42997b;}\n.blanc {color:white;}\n<\/style>\n\n<div class=\"fond_bleu\">\n<span class=\"blanc\">\n<strong>\n>>> Pour prendre des parts sociales de la SCIC >>> <a rel=\"noreferrer noopener\" href=\"https:\/\/terrescitoyennes.org\/index.php\/participer\/prendre-des-parts\/\" target=\"_blank\">C&rsquo;est par ici !<\/a>\n<\/strong><\/p>\n<\/span> \n<\/div>\n\n\n\n<h4 class=\"wp-block-heading\">Nos partenaires :<\/h4>\n\n\n<div class=\"wp-block-image\">\n<figure class=\"aligncenter size-large\"><img loading=\"lazy\" decoding=\"async\" width=\"1024\" height=\"273\" src=\"https:\/\/terrescitoyennes.org\/wp-content\/uploads\/2022\/12\/bandeau-logos-site-2022-12-1500-1024x273.png\" alt=\"\" class=\"wp-image-3219\" srcset=\"https:\/\/terrescitoyennes.org\/wp-content\/uploads\/2022\/12\/bandeau-logos-site-2022-12-1500-1024x273.png 1024w, https:\/\/terrescitoyennes.org\/wp-content\/uploads\/2022\/12\/bandeau-logos-site-2022-12-1500-300x80.png 300w, https:\/\/terrescitoyennes.org\/wp-content\/uploads\/2022\/12\/bandeau-logos-site-2022-12-1500-768x205.png 768w, https:\/\/terrescitoyennes.org\/wp-content\/uploads\/2022\/12\/bandeau-logos-site-2022-12-1500.png 1500w\" sizes=\"(max-width: 1024px) 100vw, 1024px\" \/><\/figure><\/div>","protected":false},"excerpt":{"rendered":"<p>Samedi 21 mars 2026 \u00e0 10h00 : Assembl\u00e9es G\u00e9n\u00e9rales de l\u2019association, de la SCIC et de la SCEA Terres Citoyennes Albigeoises ==&gt; Toutes les infos ici ! Terres Citoyennes Albigeoises : Des citoyens et citoyennes construisent ensemble la r\u00e9silience alimentaire locale. Terres citoyennes albigeoises en 1 mn (par France T\u00e9l\u00e9visions) &gt;&gt;&gt; Pour nous suivre, nous [&hellip;]<\/p>\n","protected":false},"author":2,"featured_media":0,"parent":0,"menu_order":0,"comment_status":"closed","ping_status":"closed","template":"","meta":{"footnotes":""},"yoast_head":"<!-- This site is optimized with the Yoast SEO plugin v23.5 - https:\/\/yoast.com\/wordpress\/plugins\/seo\/ -->\n<title>Bienvenue ! - Terres citoyennes albigeoises<\/title>\n<meta name=\"robots\" content=\"index, follow, max-snippet:-1, max-image-preview:large, max-video-preview:-1\" \/>\n<link rel=\"canonical\" href=\"https:\/\/terrescitoyennes.org\/\" \/>\n<meta property=\"og:locale\" content=\"fr_FR\" \/>\n<meta property=\"og:type\" content=\"article\" \/>\n<meta property=\"og:title\" content=\"Bienvenue ! - Terres citoyennes albigeoises\" \/>\n<meta property=\"og:description\" content=\"Samedi 21 mars 2026 \u00e0 10h00 : Assembl\u00e9es G\u00e9n\u00e9rales de l\u2019association, de la SCIC et de la SCEA Terres Citoyennes Albigeoises ==&gt; Toutes les infos ici ! Terres Citoyennes Albigeoises : Des citoyens et citoyennes construisent ensemble la r\u00e9silience alimentaire locale. Terres citoyennes albigeoises en 1 mn (par France T\u00e9l\u00e9visions) &gt;&gt;&gt; Pour nous suivre, nous [&hellip;]\" \/>\n<meta property=\"og:url\" content=\"https:\/\/terrescitoyennes.org\/\" \/>\n<meta property=\"og:site_name\" content=\"Terres citoyennes albigeoises\" \/>\n<meta property=\"article:publisher\" content=\"https:\/\/www.facebook.com\/Terres-citoyennes-albigeoises-513479312353377\/\" \/>\n<meta property=\"article:modified_time\" content=\"2026-03-06T17:59:19+00:00\" \/>\n<meta property=\"og:image\" content=\"https:\/\/terrescitoyennes.org\/wp-content\/uploads\/2026\/03\/serre-1024x683.jpg\" \/>\n<meta name=\"twitter:card\" content=\"summary_large_image\" \/>\n<meta name=\"twitter:label1\" content=\"Dur\u00e9e de lecture estim\u00e9e\" \/>\n\t<meta name=\"twitter:data1\" content=\"3 minutes\" \/>\n<script type=\"application\/ld+json\" class=\"yoast-schema-graph\">{\"@context\":\"https:\/\/schema.org\",\"@graph\":[{\"@type\":\"WebPage\",\"@id\":\"https:\/\/terrescitoyennes.org\/\",\"url\":\"https:\/\/terrescitoyennes.org\/\",\"name\":\"Bienvenue ! - Terres citoyennes albigeoises\",\"isPartOf\":{\"@id\":\"https:\/\/terrescitoyennes.org\/#website\"},\"primaryImageOfPage\":{\"@id\":\"https:\/\/terrescitoyennes.org\/#primaryimage\"},\"image\":{\"@id\":\"https:\/\/terrescitoyennes.org\/#primaryimage\"},\"thumbnailUrl\":\"https:\/\/terrescitoyennes.org\/wp-content\/uploads\/2026\/03\/serre-1024x683.jpg\",\"datePublished\":\"2020-04-29T20:51:20+00:00\",\"dateModified\":\"2026-03-06T17:59:19+00:00\",\"breadcrumb\":{\"@id\":\"https:\/\/terrescitoyennes.org\/#breadcrumb\"},\"inLanguage\":\"fr-FR\",\"potentialAction\":[{\"@type\":\"ReadAction\",\"target\":[\"https:\/\/terrescitoyennes.org\/\"]}]},{\"@type\":\"ImageObject\",\"inLanguage\":\"fr-FR\",\"@id\":\"https:\/\/terrescitoyennes.org\/#primaryimage\",\"url\":\"https:\/\/terrescitoyennes.org\/wp-content\/uploads\/2026\/03\/serre.jpg\",\"contentUrl\":\"https:\/\/terrescitoyennes.org\/wp-content\/uploads\/2026\/03\/serre.jpg\",\"width\":1200,\"height\":800},{\"@type\":\"BreadcrumbList\",\"@id\":\"https:\/\/terrescitoyennes.org\/#breadcrumb\",\"itemListElement\":[{\"@type\":\"ListItem\",\"position\":1,\"name\":\"Accueil\",\"item\":\"https:\/\/terrescitoyennes.org\/\"},{\"@type\":\"ListItem\",\"position\":2,\"name\":\"Bienvenue !\"}]},{\"@type\":\"WebSite\",\"@id\":\"https:\/\/terrescitoyennes.org\/#website\",\"url\":\"https:\/\/terrescitoyennes.org\/\",\"name\":\"Terres Citoyennes Albigeoises\",\"description\":\"\",\"publisher\":{\"@id\":\"https:\/\/terrescitoyennes.org\/#organization\"},\"potentialAction\":[{\"@type\":\"SearchAction\",\"target\":{\"@type\":\"EntryPoint\",\"urlTemplate\":\"https:\/\/terrescitoyennes.org\/?s={search_term_string}\"},\"query-input\":{\"@type\":\"PropertyValueSpecification\",\"valueRequired\":true,\"valueName\":\"search_term_string\"}}],\"inLanguage\":\"fr-FR\"},{\"@type\":\"Organization\",\"@id\":\"https:\/\/terrescitoyennes.org\/#organization\",\"name\":\"Terres Citoyennes Albigeoises\",\"url\":\"https:\/\/terrescitoyennes.org\/\",\"logo\":{\"@type\":\"ImageObject\",\"inLanguage\":\"fr-FR\",\"@id\":\"https:\/\/terrescitoyennes.org\/#\/schema\/logo\/image\/\",\"url\":\"https:\/\/terrescitoyennes.org\/wp-content\/uploads\/2020\/05\/LOGO-TC-propo-01.png\",\"contentUrl\":\"https:\/\/terrescitoyennes.org\/wp-content\/uploads\/2020\/05\/LOGO-TC-propo-01.png\",\"width\":519,\"height\":459,\"caption\":\"Terres Citoyennes Albigeoises\"},\"image\":{\"@id\":\"https:\/\/terrescitoyennes.org\/#\/schema\/logo\/image\/\"},\"sameAs\":[\"https:\/\/www.facebook.com\/Terres-citoyennes-albigeoises-513479312353377\/\"]}]}<\/script>\n<!-- \/ Yoast SEO plugin. -->","yoast_head_json":{"title":"Bienvenue ! - Terres citoyennes albigeoises","robots":{"index":"index","follow":"follow","max-snippet":"max-snippet:-1","max-image-preview":"max-image-preview:large","max-video-preview":"max-video-preview:-1"},"canonical":"https:\/\/terrescitoyennes.org\/","og_locale":"fr_FR","og_type":"article","og_title":"Bienvenue ! - Terres citoyennes albigeoises","og_description":"Samedi 21 mars 2026 \u00e0 10h00 : Assembl\u00e9es G\u00e9n\u00e9rales de l\u2019association, de la SCIC et de la SCEA Terres Citoyennes Albigeoises ==&gt; Toutes les infos ici ! Terres Citoyennes Albigeoises : Des citoyens et citoyennes construisent ensemble la r\u00e9silience alimentaire locale. Terres citoyennes albigeoises en 1 mn (par France T\u00e9l\u00e9visions) &gt;&gt;&gt; Pour nous suivre, nous [&hellip;]","og_url":"https:\/\/terrescitoyennes.org\/","og_site_name":"Terres citoyennes albigeoises","article_publisher":"https:\/\/www.facebook.com\/Terres-citoyennes-albigeoises-513479312353377\/","article_modified_time":"2026-03-06T17:59:19+00:00","og_image":[{"url":"https:\/\/terrescitoyennes.org\/wp-content\/uploads\/2026\/03\/serre-1024x683.jpg"}],"twitter_card":"summary_large_image","twitter_misc":{"Dur\u00e9e de lecture estim\u00e9e":"3 minutes"},"schema":{"@context":"https:\/\/schema.org","@graph":[{"@type":"WebPage","@id":"https:\/\/terrescitoyennes.org\/","url":"https:\/\/terrescitoyennes.org\/","name":"Bienvenue ! - Terres citoyennes albigeoises","isPartOf":{"@id":"https:\/\/terrescitoyennes.org\/#website"},"primaryImageOfPage":{"@id":"https:\/\/terrescitoyennes.org\/#primaryimage"},"image":{"@id":"https:\/\/terrescitoyennes.org\/#primaryimage"},"thumbnailUrl":"https:\/\/terrescitoyennes.org\/wp-content\/uploads\/2026\/03\/serre-1024x683.jpg","datePublished":"2020-04-29T20:51:20+00:00","dateModified":"2026-03-06T17:59:19+00:00","breadcrumb":{"@id":"https:\/\/terrescitoyennes.org\/#breadcrumb"},"inLanguage":"fr-FR","potentialAction":[{"@type":"ReadAction","target":["https:\/\/terrescitoyennes.org\/"]}]},{"@type":"ImageObject","inLanguage":"fr-FR","@id":"https:\/\/terrescitoyennes.org\/#primaryimage","url":"https:\/\/terrescitoyennes.org\/wp-content\/uploads\/2026\/03\/serre.jpg","contentUrl":"https:\/\/terrescitoyennes.org\/wp-content\/uploads\/2026\/03\/serre.jpg","width":1200,"height":800},{"@type":"BreadcrumbList","@id":"https:\/\/terrescitoyennes.org\/#breadcrumb","itemListElement":[{"@type":"ListItem","position":1,"name":"Accueil","item":"https:\/\/terrescitoyennes.org\/"},{"@type":"ListItem","position":2,"name":"Bienvenue !"}]},{"@type":"WebSite","@id":"https:\/\/terrescitoyennes.org\/#website","url":"https:\/\/terrescitoyennes.org\/","name":"Terres Citoyennes Albigeoises","description":"","publisher":{"@id":"https:\/\/terrescitoyennes.org\/#organization"},"potentialAction":[{"@type":"SearchAction","target":{"@type":"EntryPoint","urlTemplate":"https:\/\/terrescitoyennes.org\/?s={search_term_string}"},"query-input":{"@type":"PropertyValueSpecification","valueRequired":true,"valueName":"search_term_string"}}],"inLanguage":"fr-FR"},{"@type":"Organization","@id":"https:\/\/terrescitoyennes.org\/#organization","name":"Terres Citoyennes Albigeoises","url":"https:\/\/terrescitoyennes.org\/","logo":{"@type":"ImageObject","inLanguage":"fr-FR","@id":"https:\/\/terrescitoyennes.org\/#\/schema\/logo\/image\/","url":"https:\/\/terrescitoyennes.org\/wp-content\/uploads\/2020\/05\/LOGO-TC-propo-01.png","contentUrl":"https:\/\/terrescitoyennes.org\/wp-content\/uploads\/2020\/05\/LOGO-TC-propo-01.png","width":519,"height":459,"caption":"Terres Citoyennes Albigeoises"},"image":{"@id":"https:\/\/terrescitoyennes.org\/#\/schema\/logo\/image\/"},"sameAs":["https:\/\/www.facebook.com\/Terres-citoyennes-albigeoises-513479312353377\/"]}]}},"_links":{"self":[{"href":"https:\/\/terrescitoyennes.org\/index.php\/wp-json\/wp\/v2\/pages\/48"}],"collection":[{"href":"https:\/\/terrescitoyennes.org\/index.php\/wp-json\/wp\/v2\/pages"}],"about":[{"href":"https:\/\/terrescitoyennes.org\/index.php\/wp-json\/wp\/v2\/types\/page"}],"author":[{"embeddable":true,"href":"https:\/\/terrescitoyennes.org\/index.php\/wp-json\/wp\/v2\/users\/2"}],"replies":[{"embeddable":true,"href":"https:\/\/terrescitoyennes.org\/index.php\/wp-json\/wp\/v2\/comments?post=48"}],"version-history":[{"count":183,"href":"https:\/\/terrescitoyennes.org\/index.php\/wp-json\/wp\/v2\/pages\/48\/revisions"}],"predecessor-version":[{"id":4021,"href":"https:\/\/terrescitoyennes.org\/index.php\/wp-json\/wp\/v2\/pages\/48\/revisions\/4021"}],"wp:attachment":[{"href":"https:\/\/terrescitoyennes.org\/index.php\/wp-json\/wp\/v2\/media?parent=48"}],"curies":[{"name":"wp","href":"https:\/\/api.w.org\/{rel}","templated":true}]}}